{"id":22,"date":"2024-06-07T10:10:14","date_gmt":"2024-06-07T08:10:14","guid":{"rendered":"http:\/\/kfzgutachter-raquet.de\/wordpress\/?page_id=22"},"modified":"2024-11-25T08:07:16","modified_gmt":"2024-11-25T07:07:16","slug":"motorrad-fahrwerksvermessung-in-und-um-bad-duerkheim","status":"publish","type":"page","link":"http:\/\/kfzgutachter-raquet.de\/wordpress\/motorrad-fahrwerksvermessung-in-und-um-bad-duerkheim\/","title":{"rendered":"Rahmenvermessung f\u00fcr Motorr\u00e4der"},"content":{"rendered":"\n<div class=\"wp-block-group alignfull has-accent-background-color has-background has-global-padding is-layout-constrained wp-container-core-group-is-layout-669513ed wp-block-group-is-layout-constrained\" style=\"margin-top:0;margin-bottom:0;padding-top:var(--wp--preset--spacing--50);padding-right:var(--wp--preset--spacing--50);padding-bottom:var(--wp--preset--spacing--50);padding-left:var(--wp--preset--spacing--50)\">\n<div class=\"wp-block-columns alignwide is-layout-flex wp-container-core-columns-is-layout-1da03c2a wp-block-columns-is-layout-flex\">\n<div class=\"wp-block-column is-vertically-aligned-stretch is-layout-flow wp-block-column-is-layout-flow\" style=\"flex-basis:50%\">\n<div class=\"wp-block-columns is-layout-flex wp-container-core-columns-is-layout-28f84493 wp-block-columns-is-layout-flex\">\n<div class=\"wp-block-column is-layout-flow wp-block-column-is-layout-flow\" style=\"flex-basis:100%\">\n<div class=\"wp-block-group is-vertical is-content-justification-stretch is-layout-flex wp-container-core-group-is-layout-444d5ee8 wp-block-group-is-layout-flex\" style=\"min-height:100%\">\n<p>Als Fachmann (Zweiradmechanikermeister und zertifizierter Gutachter) mit viel Erfahrung, auch mit besonderen\/extremen Umbauten, biete ich seit Mai 2024 eine Laser-Rahmenvermessung von Motorr\u00e4dern aller Marken an.<br><br>M\u00f6gliche Gr\u00fcnde f\u00fcr eine Rahmenvermessung:<\/p>\n\n\n\n<ul class=\"wp-block-list\">\n<li>Sicherheit beim Gebrauchtbike Kauf<\/li>\n\n\n\n<li>F\u00fcr ein Wertgutachten<\/li>\n\n\n\n<li>F\u00fcr Ihre Versicherung<\/li>\n\n\n\n<li>Wenn es Fahrwerks oder Handlingsprobleme gibt<\/li>\n\n\n\n<li>Im Falle eines Unfalls f\u00fcr die Unfallinstandsetzung<\/li>\n\n\n\n<li>Ihr Bike ist umgefallen &#8211; Sie wollen Sicherheit!<\/li>\n<\/ul>\n\n\n\n<div class=\"wp-block-group has-global-padding is-content-justification-left is-layout-constrained wp-container-core-group-is-layout-9fe8ed88 wp-block-group-is-layout-constrained\">\n<p class=\"wp-container-content-0733e5d0\">Wir bieten auch kurzfristig die M\u00f6glichkeit bei uns in Bad D\u00fcrkheim Ihr Fahrzeug zu vermessen. <\/p>\n\n\n\n<p class=\"wp-container-content-0733e5d0\">Nach Absprache, mit unserem mobilen Messequipment, in Ihrer Werkstatt oder einem anderem Standort.<\/p>\n\n\n\n<p class=\"wp-container-content-0733e5d0\">Der schnellste Kontakt zu uns? Telefonisch unter <a href=\"tel:+4915157406322\">0151-57406322<\/a><\/p>\n<\/div>\n\n\n\n<p>Wir vermessen alle Bikes, auch aktuelle BMW oder Yamaha Modelle.<\/p>\n\n\n\n<p>Was vermessen wir? Hauptrahmen, Heckrahmen und Schwingenvermessung!<\/p>\n\n\n\n<p>Vorteil: Wir vermessen den Hauptrahmen sowie Scheinwerfer, Verkleidungshalter oder sonstige Punkte mit einer Laserunterst\u00fctzen Methode von mega-m.a.x. ohne das Fahrzeug zerlegen zu m\u00fcssen. Vorteile: Zeiteinsparend und damit auch schneller, mobiler und kosteng\u00fcnstiger m\u00f6glich.<\/p>\n\n\n\n<p>Werkst\u00e4tten bieten wir besondere Konditionen. Rufen Sie uns an.<\/p>\n\n\n\n<figure class=\"wp-block-image size-large\"><img loading=\"lazy\" decoding=\"async\" width=\"1024\" height=\"768\" src=\"http:\/\/kfzgutachter-raquet.de\/wordpress\/wp-content\/uploads\/2024\/06\/P1120405-1024x768.jpg\" alt=\"\" class=\"wp-image-80\" srcset=\"http:\/\/kfzgutachter-raquet.de\/wordpress\/wp-content\/uploads\/2024\/06\/P1120405-1024x768.jpg 1024w, http:\/\/kfzgutachter-raquet.de\/wordpress\/wp-content\/uploads\/2024\/06\/P1120405-300x225.jpg 300w, http:\/\/kfzgutachter-raquet.de\/wordpress\/wp-content\/uploads\/2024\/06\/P1120405-768x576.jpg 768w, http:\/\/kfzgutachter-raquet.de\/wordpress\/wp-content\/uploads\/2024\/06\/P1120405-1536x1152.jpg 1536w, http:\/\/kfzgutachter-raquet.de\/wordpress\/wp-content\/uploads\/2024\/06\/P1120405-2048x1536.jpg 2048w\" sizes=\"auto, (max-width: 1024px) 100vw, 1024px\" \/><\/figure>\n<\/div>\n<\/div>\n<\/div>\n<\/div>\n\n\n\n<div class=\"wp-block-column is-vertically-aligned-center is-layout-flow wp-block-column-is-layout-flow\" style=\"flex-basis:50%\">\n<figure class=\"wp-block-image size-full is-style-rounded is-style-rounded--1\"><img loading=\"lazy\" decoding=\"async\" width=\"717\" height=\"864\" src=\"http:\/\/kfzgutachter-raquet.de\/wordpress\/wp-content\/uploads\/2024\/06\/motorrad_unfall_rahmenvermessung.jpg\" alt=\"\" class=\"wp-image-35\" style=\"aspect-ratio:3\/4;object-fit:cover\" srcset=\"http:\/\/kfzgutachter-raquet.de\/wordpress\/wp-content\/uploads\/2024\/06\/motorrad_unfall_rahmenvermessung.jpg 717w, http:\/\/kfzgutachter-raquet.de\/wordpress\/wp-content\/uploads\/2024\/06\/motorrad_unfall_rahmenvermessung-249x300.jpg 249w\" sizes=\"auto, (max-width: 717px) 100vw, 717px\" \/><\/figure>\n<\/div>\n<\/div>\n<\/div>\n\n\n\n<div class=\"wp-block-group alignfull has-base-background-color has-background has-global-padding is-layout-constrained wp-container-core-group-is-layout-d89aad35 wp-block-group-is-layout-constrained\" style=\"margin-top:0;margin-bottom:0;padding-top:var(--wp--preset--spacing--50);padding-right:var(--wp--preset--spacing--50);padding-bottom:var(--wp--preset--spacing--50);padding-left:var(--wp--preset--spacing--50)\">\n<div class=\"wp-block-columns alignwide is-layout-flex wp-container-core-columns-is-layout-549b0c86 wp-block-columns-is-layout-flex\">\n<div class=\"wp-block-column has-global-padding is-content-justification-left is-layout-constrained wp-container-core-column-is-layout-4f15e8fe wp-block-column-is-layout-constrained\" style=\"flex-basis:40%\">\n<p><\/p>\n\n\n\n<figure class=\"wp-block-image size-large\"><img loading=\"lazy\" decoding=\"async\" width=\"1024\" height=\"768\" src=\"http:\/\/kfzgutachter-raquet.de\/wordpress\/wp-content\/uploads\/2024\/06\/motorrad_unfall-1024x768.jpg\" alt=\"\" class=\"wp-image-47\" srcset=\"http:\/\/kfzgutachter-raquet.de\/wordpress\/wp-content\/uploads\/2024\/06\/motorrad_unfall-1024x768.jpg 1024w, http:\/\/kfzgutachter-raquet.de\/wordpress\/wp-content\/uploads\/2024\/06\/motorrad_unfall-300x225.jpg 300w, http:\/\/kfzgutachter-raquet.de\/wordpress\/wp-content\/uploads\/2024\/06\/motorrad_unfall-768x576.jpg 768w, http:\/\/kfzgutachter-raquet.de\/wordpress\/wp-content\/uploads\/2024\/06\/motorrad_unfall.jpg 1152w\" sizes=\"auto, (max-width: 1024px) 100vw, 1024px\" \/><\/figure>\n<\/div>\n\n\n\n<div class=\"wp-block-column is-layout-flow wp-container-core-column-is-layout-119bc444 wp-block-column-is-layout-flow\" style=\"flex-basis:60%\">\n<p class=\"has-heading-font-family has-x-large-font-size\" style=\"line-height:1.2\">Bei uns finden Sie Sachverstand f\u00fcr alle Zweir\u00e4der<\/p>\n\n\n\n<ul class=\"wp-block-list\">\n<li>Motorr\u00e4der (auch Custom-Bikes, Sonderumbauten)<\/li>\n\n\n\n<li>E-Bikes<\/li>\n\n\n\n<li>Fahrr\u00e4der<\/li>\n\n\n\n<li>Unsicher? Rufen Sie uns an: <a href=\"tel:+4915157406322\">0151-57406322<\/a><\/li>\n<\/ul>\n\n\n\n<div class=\"wp-block-columns is-layout-flex wp-container-core-columns-is-layout-87beb0d0 wp-block-columns-is-layout-flex\">\n<div class=\"wp-block-column is-layout-flow wp-block-column-is-layout-flow\">\n<p class=\"wp-container-content-9cfa9a5a\"><\/p>\n<\/div>\n\n\n\n<div class=\"wp-block-column is-layout-flow wp-block-column-is-layout-flow\">\n<p><\/p>\n<\/div>\n<\/div>\n<\/div>\n<\/div>\n<\/div>\n\n\n\n<div class=\"wp-block-group alignfull has-global-padding is-layout-constrained wp-container-core-group-is-layout-d89aad35 wp-block-group-is-layout-constrained\" style=\"margin-top:0;margin-bottom:0;padding-top:var(--wp--preset--spacing--50);padding-right:var(--wp--preset--spacing--50);padding-bottom:var(--wp--preset--spacing--50);padding-left:var(--wp--preset--spacing--50)\"><\/div>\n","protected":false},"excerpt":{"rendered":"<p>Als Fachmann (Zweiradmechanikermeister und zertifizierter Gutachter) mit viel Erfahrung, auch mit besonderen\/extremen Umbauten, biete ich seit Mai 2024 eine Laser-Rahmenvermessung von Motorr\u00e4dern aller Marken an. M\u00f6gliche Gr\u00fcnde f\u00fcr eine Rahmenvermessung: Wir bieten auch kurzfristig die M\u00f6glichkeit bei uns in Bad D\u00fcrkheim Ihr Fahrzeug zu vermessen. Nach Absprache, mit unserem mobilen Messequipment, in Ihrer Werkstatt oder [&hellip;]<\/p>\n","protected":false},"author":1,"featured_media":0,"parent":0,"menu_order":2,"comment_status":"closed","ping_status":"closed","template":"","meta":{"footnotes":""},"class_list":["post-22","page","type-page","status-publish","hentry"],"yoast_head":"<!-- This site is optimized with the Yoast SEO plugin v23.9 - https:\/\/yoast.com\/wordpress\/plugins\/seo\/ -->\n<title>Rahmenvermessung f\u00fcr Motorr\u00e4der - Sachverst\u00e4ndigenb\u00fcro Raquet<\/title>\n<meta name=\"description\" content=\"Wir messen in und um Bad D\u00fcrkheim Ihren Motorrad Rahmen\" \/>\n<meta name=\"robots\" content=\"index, follow, max-snippet:-1, max-image-preview:large, max-video-preview:-1\" \/>\n<link rel=\"canonical\" href=\"http:\/\/kfzgutachter-raquet.de\/wordpress\/motorrad-fahrwerksvermessung-in-und-um-bad-duerkheim\/\" \/>\n<meta property=\"og:locale\" content=\"de_DE\" \/>\n<meta property=\"og:type\" content=\"article\" \/>\n<meta property=\"og:title\" content=\"Rahmenvermessung f\u00fcr Motorr\u00e4der - Sachverst\u00e4ndigenb\u00fcro Raquet\" \/>\n<meta property=\"og:description\" content=\"Wir messen in und um Bad D\u00fcrkheim Ihren Motorrad Rahmen\" \/>\n<meta property=\"og:url\" content=\"http:\/\/kfzgutachter-raquet.de\/wordpress\/motorrad-fahrwerksvermessung-in-und-um-bad-duerkheim\/\" \/>\n<meta property=\"og:site_name\" content=\"Sachverst\u00e4ndigenb\u00fcro Raquet\" \/>\n<meta property=\"article:modified_time\" content=\"2024-11-25T07:07:16+00:00\" \/>\n<meta property=\"og:image\" content=\"http:\/\/kfzgutachter-raquet.de\/wordpress\/wp-content\/uploads\/2024\/06\/P1120405-1024x768.jpg\" \/>\n<meta name=\"twitter:card\" content=\"summary_large_image\" \/>\n<meta name=\"twitter:label1\" content=\"Gesch\u00e4tzte Lesezeit\" \/>\n\t<meta name=\"twitter:data1\" content=\"2\u00a0Minuten\" \/>\n<script type=\"application\/ld+json\" class=\"yoast-schema-graph\">{\"@context\":\"https:\/\/schema.org\",\"@graph\":[{\"@type\":\"WebPage\",\"@id\":\"http:\/\/kfzgutachter-raquet.de\/wordpress\/motorrad-fahrwerksvermessung-in-und-um-bad-duerkheim\/\",\"url\":\"http:\/\/kfzgutachter-raquet.de\/wordpress\/motorrad-fahrwerksvermessung-in-und-um-bad-duerkheim\/\",\"name\":\"Rahmenvermessung f\u00fcr Motorr\u00e4der - Sachverst\u00e4ndigenb\u00fcro Raquet\",\"isPartOf\":{\"@id\":\"http:\/\/kfzgutachter-raquet.de\/wordpress\/#website\"},\"primaryImageOfPage\":{\"@id\":\"http:\/\/kfzgutachter-raquet.de\/wordpress\/motorrad-fahrwerksvermessung-in-und-um-bad-duerkheim\/#primaryimage\"},\"image\":{\"@id\":\"http:\/\/kfzgutachter-raquet.de\/wordpress\/motorrad-fahrwerksvermessung-in-und-um-bad-duerkheim\/#primaryimage\"},\"thumbnailUrl\":\"http:\/\/kfzgutachter-raquet.de\/wordpress\/wp-content\/uploads\/2024\/06\/P1120405-1024x768.jpg\",\"datePublished\":\"2024-06-07T08:10:14+00:00\",\"dateModified\":\"2024-11-25T07:07:16+00:00\",\"description\":\"Wir messen in und um Bad D\u00fcrkheim Ihren Motorrad Rahmen\",\"breadcrumb\":{\"@id\":\"http:\/\/kfzgutachter-raquet.de\/wordpress\/motorrad-fahrwerksvermessung-in-und-um-bad-duerkheim\/#breadcrumb\"},\"inLanguage\":\"de\",\"potentialAction\":[{\"@type\":\"ReadAction\",\"target\":[\"http:\/\/kfzgutachter-raquet.de\/wordpress\/motorrad-fahrwerksvermessung-in-und-um-bad-duerkheim\/\"]}]},{\"@type\":\"ImageObject\",\"inLanguage\":\"de\",\"@id\":\"http:\/\/kfzgutachter-raquet.de\/wordpress\/motorrad-fahrwerksvermessung-in-und-um-bad-duerkheim\/#primaryimage\",\"url\":\"http:\/\/kfzgutachter-raquet.de\/wordpress\/wp-content\/uploads\/2024\/06\/P1120405-scaled.jpg\",\"contentUrl\":\"http:\/\/kfzgutachter-raquet.de\/wordpress\/wp-content\/uploads\/2024\/06\/P1120405-scaled.jpg\",\"width\":2560,\"height\":1920},{\"@type\":\"BreadcrumbList\",\"@id\":\"http:\/\/kfzgutachter-raquet.de\/wordpress\/motorrad-fahrwerksvermessung-in-und-um-bad-duerkheim\/#breadcrumb\",\"itemListElement\":[{\"@type\":\"ListItem\",\"position\":1,\"name\":\"Startseite\",\"item\":\"http:\/\/kfzgutachter-raquet.de\/wordpress\/\"},{\"@type\":\"ListItem\",\"position\":2,\"name\":\"Rahmenvermessung f\u00fcr Motorr\u00e4der\"}]},{\"@type\":\"WebSite\",\"@id\":\"http:\/\/kfzgutachter-raquet.de\/wordpress\/#website\",\"url\":\"http:\/\/kfzgutachter-raquet.de\/wordpress\/\",\"name\":\"Kfz-Sachverst\u00e4ndigenb\u00fcro Raquet (KFZ\/Motorrad) Gutachter\",\"description\":\"KFZ-Gutachter Zweirad-Sachverst\u00e4ndiger\",\"potentialAction\":[{\"@type\":\"SearchAction\",\"target\":{\"@type\":\"EntryPoint\",\"urlTemplate\":\"http:\/\/kfzgutachter-raquet.de\/wordpress\/?s={search_term_string}\"},\"query-input\":{\"@type\":\"PropertyValueSpecification\",\"valueRequired\":true,\"valueName\":\"search_term_string\"}}],\"inLanguage\":\"de\"}]}<\/script>\n<!-- \/ Yoast SEO plugin. -->","yoast_head_json":{"title":"Rahmenvermessung f\u00fcr Motorr\u00e4der - Sachverst\u00e4ndigenb\u00fcro Raquet","description":"Wir messen in und um Bad D\u00fcrkheim Ihren Motorrad Rahmen","robots":{"index":"index","follow":"follow","max-snippet":"max-snippet:-1","max-image-preview":"max-image-preview:large","max-video-preview":"max-video-preview:-1"},"canonical":"http:\/\/kfzgutachter-raquet.de\/wordpress\/motorrad-fahrwerksvermessung-in-und-um-bad-duerkheim\/","og_locale":"de_DE","og_type":"article","og_title":"Rahmenvermessung f\u00fcr Motorr\u00e4der - Sachverst\u00e4ndigenb\u00fcro Raquet","og_description":"Wir messen in und um Bad D\u00fcrkheim Ihren Motorrad Rahmen","og_url":"http:\/\/kfzgutachter-raquet.de\/wordpress\/motorrad-fahrwerksvermessung-in-und-um-bad-duerkheim\/","og_site_name":"Sachverst\u00e4ndigenb\u00fcro Raquet","article_modified_time":"2024-11-25T07:07:16+00:00","og_image":[{"url":"http:\/\/kfzgutachter-raquet.de\/wordpress\/wp-content\/uploads\/2024\/06\/P1120405-1024x768.jpg"}],"twitter_card":"summary_large_image","twitter_misc":{"Gesch\u00e4tzte Lesezeit":"2\u00a0Minuten"},"schema":{"@context":"https:\/\/schema.org","@graph":[{"@type":"WebPage","@id":"http:\/\/kfzgutachter-raquet.de\/wordpress\/motorrad-fahrwerksvermessung-in-und-um-bad-duerkheim\/","url":"http:\/\/kfzgutachter-raquet.de\/wordpress\/motorrad-fahrwerksvermessung-in-und-um-bad-duerkheim\/","name":"Rahmenvermessung f\u00fcr Motorr\u00e4der - Sachverst\u00e4ndigenb\u00fcro Raquet","isPartOf":{"@id":"http:\/\/kfzgutachter-raquet.de\/wordpress\/#website"},"primaryImageOfPage":{"@id":"http:\/\/kfzgutachter-raquet.de\/wordpress\/motorrad-fahrwerksvermessung-in-und-um-bad-duerkheim\/#primaryimage"},"image":{"@id":"http:\/\/kfzgutachter-raquet.de\/wordpress\/motorrad-fahrwerksvermessung-in-und-um-bad-duerkheim\/#primaryimage"},"thumbnailUrl":"http:\/\/kfzgutachter-raquet.de\/wordpress\/wp-content\/uploads\/2024\/06\/P1120405-1024x768.jpg","datePublished":"2024-06-07T08:10:14+00:00","dateModified":"2024-11-25T07:07:16+00:00","description":"Wir messen in und um Bad D\u00fcrkheim Ihren Motorrad Rahmen","breadcrumb":{"@id":"http:\/\/kfzgutachter-raquet.de\/wordpress\/motorrad-fahrwerksvermessung-in-und-um-bad-duerkheim\/#breadcrumb"},"inLanguage":"de","potentialAction":[{"@type":"ReadAction","target":["http:\/\/kfzgutachter-raquet.de\/wordpress\/motorrad-fahrwerksvermessung-in-und-um-bad-duerkheim\/"]}]},{"@type":"ImageObject","inLanguage":"de","@id":"http:\/\/kfzgutachter-raquet.de\/wordpress\/motorrad-fahrwerksvermessung-in-und-um-bad-duerkheim\/#primaryimage","url":"http:\/\/kfzgutachter-raquet.de\/wordpress\/wp-content\/uploads\/2024\/06\/P1120405-scaled.jpg","contentUrl":"http:\/\/kfzgutachter-raquet.de\/wordpress\/wp-content\/uploads\/2024\/06\/P1120405-scaled.jpg","width":2560,"height":1920},{"@type":"BreadcrumbList","@id":"http:\/\/kfzgutachter-raquet.de\/wordpress\/motorrad-fahrwerksvermessung-in-und-um-bad-duerkheim\/#breadcrumb","itemListElement":[{"@type":"ListItem","position":1,"name":"Startseite","item":"http:\/\/kfzgutachter-raquet.de\/wordpress\/"},{"@type":"ListItem","position":2,"name":"Rahmenvermessung f\u00fcr Motorr\u00e4der"}]},{"@type":"WebSite","@id":"http:\/\/kfzgutachter-raquet.de\/wordpress\/#website","url":"http:\/\/kfzgutachter-raquet.de\/wordpress\/","name":"Kfz-Sachverst\u00e4ndigenb\u00fcro Raquet (KFZ\/Motorrad) Gutachter","description":"KFZ-Gutachter Zweirad-Sachverst\u00e4ndiger","potentialAction":[{"@type":"SearchAction","target":{"@type":"EntryPoint","urlTemplate":"http:\/\/kfzgutachter-raquet.de\/wordpress\/?s={search_term_string}"},"query-input":{"@type":"PropertyValueSpecification","valueRequired":true,"valueName":"search_term_string"}}],"inLanguage":"de"}]}},"_links":{"self":[{"href":"http:\/\/kfzgutachter-raquet.de\/wordpress\/wp-json\/wp\/v2\/pages\/22","targetHints":{"allow":["GET"]}}],"collection":[{"href":"http:\/\/kfzgutachter-raquet.de\/wordpress\/wp-json\/wp\/v2\/pages"}],"about":[{"href":"http:\/\/kfzgutachter-raquet.de\/wordpress\/wp-json\/wp\/v2\/types\/page"}],"author":[{"embeddable":true,"href":"http:\/\/kfzgutachter-raquet.de\/wordpress\/wp-json\/wp\/v2\/users\/1"}],"replies":[{"embeddable":true,"href":"http:\/\/kfzgutachter-raquet.de\/wordpress\/wp-json\/wp\/v2\/comments?post=22"}],"version-history":[{"count":19,"href":"http:\/\/kfzgutachter-raquet.de\/wordpress\/wp-json\/wp\/v2\/pages\/22\/revisions"}],"predecessor-version":[{"id":98,"href":"http:\/\/kfzgutachter-raquet.de\/wordpress\/wp-json\/wp\/v2\/pages\/22\/revisions\/98"}],"wp:attachment":[{"href":"http:\/\/kfzgutachter-raquet.de\/wordpress\/wp-json\/wp\/v2\/media?parent=22"}],"curies":[{"name":"wp","href":"https:\/\/api.w.org\/{rel}","templated":true}]}}