{"id":6,"date":"2024-05-27T09:25:19","date_gmt":"2024-05-27T07:25:19","guid":{"rendered":"http:\/\/kfzgutachter-raquet.de\/wordpress\/?page_id=6"},"modified":"2024-11-29T12:35:51","modified_gmt":"2024-11-29T11:35:51","slug":"ihr-gutachter-in-bad-duerkheim-fuer-kfz-motorrad","status":"publish","type":"page","link":"http:\/\/kfzgutachter-raquet.de\/wordpress\/","title":{"rendered":"Ihr Gutachter"},"content":{"rendered":"\n<div class=\"wp-block-columns is-layout-flex wp-container-core-columns-is-layout-28f84493 wp-block-columns-is-layout-flex\">\n<div class=\"wp-block-column is-layout-flow wp-block-column-is-layout-flow\" style=\"flex-basis:100%\">\n<h5 class=\"wp-block-heading has-text-align-center has-x-large-font-size\">neutral und unabh\u00e4ngig in Bad D\u00fcrkheim und Umgebung<br>f\u00fcr KFZ und Motorrad<\/h5>\n\n\n\n<p class=\"has-text-align-center\">Zertifizierter Sachverst\u00e4ndiger nach DIN EN ISO 17024 f\u00fcr Kraftfahrzeugsch\u00e4den und Bewertung durch ADA InVivio BV<\/p>\n\n\n\n<div class=\"wp-block-columns is-layout-flex wp-container-core-columns-is-layout-28f84493 wp-block-columns-is-layout-flex\">\n<div class=\"wp-block-column is-layout-flow wp-block-column-is-layout-flow\" style=\"flex-basis:100%\">\n<div class=\"wp-block-columns is-layout-flex wp-container-core-columns-is-layout-28f84493 wp-block-columns-is-layout-flex\">\n<div class=\"wp-block-column is-layout-flow wp-block-column-is-layout-flow\" style=\"flex-basis:100%\">\n<div class=\"wp-block-group alignfull has-global-padding is-layout-constrained wp-container-core-group-is-layout-fa5cdc1b wp-block-group-is-layout-constrained\" style=\"padding-top:var(--wp--preset--spacing--10);padding-right:var(--wp--preset--spacing--20);padding-bottom:var(--wp--preset--spacing--10);padding-left:var(--wp--preset--spacing--20)\">\n<div class=\"wp-block-group has-global-padding is-layout-constrained wp-container-core-group-is-layout-650790e1 wp-block-group-is-layout-constrained\">\n<p class=\"has-text-align-left\">Wir sind sofort f\u00fcr Sie da. Unsere Leistungen rund um PKW, Motorrad, Nutzfahrzeug, Wohnwagen, Wohnmobile, Anh\u00e4nger, Oldtimer, Youngtimer, E-Bikes und alles was im Stra\u00dfenverkehr zugelassen ist:<\/p>\n<\/div>\n\n\n\n<div id=\"wrapper\">\n<div id=\"main\">\n<section id=\"intro\" class=\"main\">\n<div class=\"spotlight\">\n<div class=\"content\">\n<ul>\n<li>Unfall- und Schadengutachten<\/li>\n<li>Wertgutachten<\/li>\n<li>Fahrzeugbewertungen<\/li>\n<li>Nachgutachten \/ Nachbesichtigung \/ Reparaturbest\u00e4tigung<\/li>\n<li>Sachverst\u00e4ndigenb\u00fcro<\/li>\n<li>Zertifizierter Sachverst\u00e4ndiger nach DIN EN ISO 17024 f\u00fcr Kraftfahrzeugsch\u00e4den und Bewertung durch ADA InVivio BV<\/li>\n<li>Motorrad-Gutachter<\/li>\n<li>zertifiziert f\u00fcr Fahrzeugsch\u00e4den und Bewertungen<\/li>\n<li><a href=\"http:\/\/kfzgutachter-raquet.de\/wordpress\/motorrad-fahrwerksvermessung-in-und-um-bad-duerkheim\/\">Motorrad Laser-Rahmenvermessung mit anerkanntem Fahrwerk-Zertifikat<\/a><\/li>\n<\/ul>\n<\/div>\n<\/div>\n<\/section>\n<\/div>\n<\/div>\n\n\n\n<p>Ein Anruf unter <a href=\"tel:+4915157406322\">0151-57406322<\/a> und wir besprechen, wie wir Ihnen schnell helfen k\u00f6nnen.<\/p>\n\n\n\n<p>Unseren Standort als Sachverst\u00e4ndige finden Sie in Bad D\u00fcrkheim in der Bruchstr. 8.<\/p>\n\n\n\n<div class=\"wp-block-group has-global-padding is-layout-constrained wp-container-core-group-is-layout-650790e1 wp-block-group-is-layout-constrained\">\n<figure class=\"wp-block-image size-full\"><img loading=\"lazy\" decoding=\"async\" width=\"896\" height=\"528\" src=\"http:\/\/kfzgutachter-raquet.de\/wordpress\/wp-content\/uploads\/2024\/06\/kfz_gutachter_raquet.jpg\" alt=\"Werkstatt f\u00fcr Gutachten\" class=\"wp-image-45\" srcset=\"http:\/\/kfzgutachter-raquet.de\/wordpress\/wp-content\/uploads\/2024\/06\/kfz_gutachter_raquet.jpg 896w, http:\/\/kfzgutachter-raquet.de\/wordpress\/wp-content\/uploads\/2024\/06\/kfz_gutachter_raquet-300x177.jpg 300w, http:\/\/kfzgutachter-raquet.de\/wordpress\/wp-content\/uploads\/2024\/06\/kfz_gutachter_raquet-768x453.jpg 768w\" sizes=\"auto, (max-width: 896px) 100vw, 896px\" \/><\/figure>\n<\/div>\n\n\n\n<figure class=\"wp-block-image alignwide size-full is-style-rounded is-style-rounded--1\"><img loading=\"lazy\" decoding=\"async\" width=\"1152\" height=\"864\" src=\"http:\/\/kfzgutachter-raquet.de\/wordpress\/wp-content\/uploads\/2024\/06\/kfz_gutachter_bad_durkheim.jpg\" alt=\"Gutachter-B\u00fcro in Bad D\u00fcrkheim\" class=\"wp-image-44\" srcset=\"http:\/\/kfzgutachter-raquet.de\/wordpress\/wp-content\/uploads\/2024\/06\/kfz_gutachter_bad_durkheim.jpg 1152w, http:\/\/kfzgutachter-raquet.de\/wordpress\/wp-content\/uploads\/2024\/06\/kfz_gutachter_bad_durkheim-300x225.jpg 300w, http:\/\/kfzgutachter-raquet.de\/wordpress\/wp-content\/uploads\/2024\/06\/kfz_gutachter_bad_durkheim-1024x768.jpg 1024w, http:\/\/kfzgutachter-raquet.de\/wordpress\/wp-content\/uploads\/2024\/06\/kfz_gutachter_bad_durkheim-768x576.jpg 768w\" sizes=\"auto, (max-width: 1152px) 100vw, 1152px\" \/><\/figure>\n<\/div>\n<\/div>\n<\/div>\n<\/div>\n<\/div>\n<\/div>\n<\/div>\n\n\n\n<div class=\"wp-block-group alignfull has-base-color has-contrast-background-color has-text-color has-background has-global-padding is-layout-constrained wp-container-core-group-is-layout-ef3d885c wp-block-group-is-layout-constrained\" style=\"margin-top:0;margin-bottom:0;padding-top:var(--wp--preset--spacing--60);padding-right:var(--wp--preset--spacing--60);padding-bottom:var(--wp--preset--spacing--60);padding-left:var(--wp--preset--spacing--60)\">\n<div class=\"wp-block-group has-global-padding is-layout-constrained wp-block-group-is-layout-constrained\">\n<p class=\"has-text-align-center has-base-color has-text-color has-heading-font-family has-x-large-font-size\" style=\"line-height:1.2\"><em>\u201eMit der innovativen Rahmenvermessungs-Technologie von mega-m.a.x. lassen sich Rahmen in k\u00fcrzester Zeit, Lasergenau vermessen.\u201c<\/em><\/p>\n\n\n\n<div style=\"height:var(--wp--preset--spacing--10)\" aria-hidden=\"true\" class=\"wp-block-spacer\"><\/div>\n\n\n\n<div class=\"wp-block-group is-vertical is-content-justification-center is-nowrap is-layout-flex wp-container-core-group-is-layout-2dc08cea wp-block-group-is-layout-flex\">\n<p class=\"has-text-align-center\" style=\"margin-top:var(--wp--preset--spacing--10);margin-bottom:0\">Tobias Raquet<\/p>\n\n\n\n<p class=\"has-text-align-center has-contrast-3-color has-text-color has-small-font-size\" style=\"font-style:normal;font-weight:300\">Inhaber, Gutachter<\/p>\n<\/div>\n<\/div>\n<\/div>\n","protected":false},"excerpt":{"rendered":"<p>neutral und unabh\u00e4ngig in Bad D\u00fcrkheim und Umgebungf\u00fcr KFZ und Motorrad Zertifizierter Sachverst\u00e4ndiger nach DIN EN ISO 17024 f\u00fcr Kraftfahrzeugsch\u00e4den und Bewertung durch ADA InVivio BV Wir sind sofort f\u00fcr Sie da. Unsere Leistungen rund um PKW, Motorrad, Nutzfahrzeug, Wohnwagen, Wohnmobile, Anh\u00e4nger, Oldtimer, Youngtimer, E-Bikes und alles was im Stra\u00dfenverkehr zugelassen ist: Unfall- und Schadengutachten [&hellip;]<\/p>\n","protected":false},"author":1,"featured_media":0,"parent":0,"menu_order":1,"comment_status":"closed","ping_status":"closed","template":"","meta":{"footnotes":""},"class_list":["post-6","page","type-page","status-publish","hentry"],"yoast_head":"<!-- This site is optimized with the Yoast SEO plugin v23.9 - https:\/\/yoast.com\/wordpress\/plugins\/seo\/ -->\n<title>Ihr Gutachter - Sachverst\u00e4ndigenb\u00fcro Raquet<\/title>\n<meta name=\"description\" content=\"Ihr KFZ- und Motorradgutachter in und um Bad D\u00fcrkheim - Unfallgutachten, Rahmengutachten\" \/>\n<meta name=\"robots\" content=\"index, follow, max-snippet:-1, max-image-preview:large, max-video-preview:-1\" \/>\n<link rel=\"canonical\" href=\"http:\/\/kfzgutachter-raquet.de\/wordpress\/\" \/>\n<meta property=\"og:locale\" content=\"de_DE\" \/>\n<meta property=\"og:type\" content=\"article\" \/>\n<meta property=\"og:title\" content=\"Ihr Gutachter - Sachverst\u00e4ndigenb\u00fcro Raquet\" \/>\n<meta property=\"og:description\" content=\"Ihr KFZ- und Motorradgutachter in und um Bad D\u00fcrkheim - Unfallgutachten, Rahmengutachten\" \/>\n<meta property=\"og:url\" content=\"http:\/\/kfzgutachter-raquet.de\/wordpress\/\" \/>\n<meta property=\"og:site_name\" content=\"Sachverst\u00e4ndigenb\u00fcro Raquet\" \/>\n<meta property=\"article:modified_time\" content=\"2024-11-29T11:35:51+00:00\" \/>\n<meta property=\"og:image\" content=\"http:\/\/kfzgutachter-raquet.de\/wordpress\/wp-content\/uploads\/2024\/06\/kfz_gutachter_raquet.jpg\" \/>\n<meta name=\"twitter:card\" content=\"summary_large_image\" \/>\n<meta name=\"twitter:label1\" content=\"Gesch\u00e4tzte Lesezeit\" \/>\n\t<meta name=\"twitter:data1\" content=\"2\u00a0Minuten\" \/>\n<script type=\"application\/ld+json\" class=\"yoast-schema-graph\">{\"@context\":\"https:\/\/schema.org\",\"@graph\":[{\"@type\":\"WebPage\",\"@id\":\"http:\/\/kfzgutachter-raquet.de\/wordpress\/\",\"url\":\"http:\/\/kfzgutachter-raquet.de\/wordpress\/\",\"name\":\"Ihr Gutachter - Sachverst\u00e4ndigenb\u00fcro Raquet\",\"isPartOf\":{\"@id\":\"http:\/\/kfzgutachter-raquet.de\/wordpress\/#website\"},\"primaryImageOfPage\":{\"@id\":\"http:\/\/kfzgutachter-raquet.de\/wordpress\/#primaryimage\"},\"image\":{\"@id\":\"http:\/\/kfzgutachter-raquet.de\/wordpress\/#primaryimage\"},\"thumbnailUrl\":\"http:\/\/kfzgutachter-raquet.de\/wordpress\/wp-content\/uploads\/2024\/06\/kfz_gutachter_raquet.jpg\",\"datePublished\":\"2024-05-27T07:25:19+00:00\",\"dateModified\":\"2024-11-29T11:35:51+00:00\",\"description\":\"Ihr KFZ- und Motorradgutachter in und um Bad D\u00fcrkheim - Unfallgutachten, Rahmengutachten\",\"breadcrumb\":{\"@id\":\"http:\/\/kfzgutachter-raquet.de\/wordpress\/#breadcrumb\"},\"inLanguage\":\"de\",\"potentialAction\":[{\"@type\":\"ReadAction\",\"target\":[\"http:\/\/kfzgutachter-raquet.de\/wordpress\/\"]}]},{\"@type\":\"ImageObject\",\"inLanguage\":\"de\",\"@id\":\"http:\/\/kfzgutachter-raquet.de\/wordpress\/#primaryimage\",\"url\":\"http:\/\/kfzgutachter-raquet.de\/wordpress\/wp-content\/uploads\/2024\/06\/kfz_gutachter_raquet.jpg\",\"contentUrl\":\"http:\/\/kfzgutachter-raquet.de\/wordpress\/wp-content\/uploads\/2024\/06\/kfz_gutachter_raquet.jpg\",\"width\":896,\"height\":528},{\"@type\":\"BreadcrumbList\",\"@id\":\"http:\/\/kfzgutachter-raquet.de\/wordpress\/#breadcrumb\",\"itemListElement\":[{\"@type\":\"ListItem\",\"position\":1,\"name\":\"Startseite\",\"item\":\"http:\/\/kfzgutachter-raquet.de\/wordpress\/\"},{\"@type\":\"ListItem\",\"position\":2,\"name\":\"Ihr Gutachter\"}]},{\"@type\":\"WebSite\",\"@id\":\"http:\/\/kfzgutachter-raquet.de\/wordpress\/#website\",\"url\":\"http:\/\/kfzgutachter-raquet.de\/wordpress\/\",\"name\":\"Kfz-Sachverst\u00e4ndigenb\u00fcro Raquet (KFZ\/Motorrad) Gutachter\",\"description\":\"KFZ-Gutachter Zweirad-Sachverst\u00e4ndiger\",\"potentialAction\":[{\"@type\":\"SearchAction\",\"target\":{\"@type\":\"EntryPoint\",\"urlTemplate\":\"http:\/\/kfzgutachter-raquet.de\/wordpress\/?s={search_term_string}\"},\"query-input\":{\"@type\":\"PropertyValueSpecification\",\"valueRequired\":true,\"valueName\":\"search_term_string\"}}],\"inLanguage\":\"de\"}]}<\/script>\n<!-- \/ Yoast SEO plugin. -->","yoast_head_json":{"title":"Ihr Gutachter - Sachverst\u00e4ndigenb\u00fcro Raquet","description":"Ihr KFZ- und Motorradgutachter in und um Bad D\u00fcrkheim - Unfallgutachten, Rahmengutachten","robots":{"index":"index","follow":"follow","max-snippet":"max-snippet:-1","max-image-preview":"max-image-preview:large","max-video-preview":"max-video-preview:-1"},"canonical":"http:\/\/kfzgutachter-raquet.de\/wordpress\/","og_locale":"de_DE","og_type":"article","og_title":"Ihr Gutachter - Sachverst\u00e4ndigenb\u00fcro Raquet","og_description":"Ihr KFZ- und Motorradgutachter in und um Bad D\u00fcrkheim - Unfallgutachten, Rahmengutachten","og_url":"http:\/\/kfzgutachter-raquet.de\/wordpress\/","og_site_name":"Sachverst\u00e4ndigenb\u00fcro Raquet","article_modified_time":"2024-11-29T11:35:51+00:00","og_image":[{"url":"http:\/\/kfzgutachter-raquet.de\/wordpress\/wp-content\/uploads\/2024\/06\/kfz_gutachter_raquet.jpg"}],"twitter_card":"summary_large_image","twitter_misc":{"Gesch\u00e4tzte Lesezeit":"2\u00a0Minuten"},"schema":{"@context":"https:\/\/schema.org","@graph":[{"@type":"WebPage","@id":"http:\/\/kfzgutachter-raquet.de\/wordpress\/","url":"http:\/\/kfzgutachter-raquet.de\/wordpress\/","name":"Ihr Gutachter - Sachverst\u00e4ndigenb\u00fcro Raquet","isPartOf":{"@id":"http:\/\/kfzgutachter-raquet.de\/wordpress\/#website"},"primaryImageOfPage":{"@id":"http:\/\/kfzgutachter-raquet.de\/wordpress\/#primaryimage"},"image":{"@id":"http:\/\/kfzgutachter-raquet.de\/wordpress\/#primaryimage"},"thumbnailUrl":"http:\/\/kfzgutachter-raquet.de\/wordpress\/wp-content\/uploads\/2024\/06\/kfz_gutachter_raquet.jpg","datePublished":"2024-05-27T07:25:19+00:00","dateModified":"2024-11-29T11:35:51+00:00","description":"Ihr KFZ- und Motorradgutachter in und um Bad D\u00fcrkheim - Unfallgutachten, Rahmengutachten","breadcrumb":{"@id":"http:\/\/kfzgutachter-raquet.de\/wordpress\/#breadcrumb"},"inLanguage":"de","potentialAction":[{"@type":"ReadAction","target":["http:\/\/kfzgutachter-raquet.de\/wordpress\/"]}]},{"@type":"ImageObject","inLanguage":"de","@id":"http:\/\/kfzgutachter-raquet.de\/wordpress\/#primaryimage","url":"http:\/\/kfzgutachter-raquet.de\/wordpress\/wp-content\/uploads\/2024\/06\/kfz_gutachter_raquet.jpg","contentUrl":"http:\/\/kfzgutachter-raquet.de\/wordpress\/wp-content\/uploads\/2024\/06\/kfz_gutachter_raquet.jpg","width":896,"height":528},{"@type":"BreadcrumbList","@id":"http:\/\/kfzgutachter-raquet.de\/wordpress\/#breadcrumb","itemListElement":[{"@type":"ListItem","position":1,"name":"Startseite","item":"http:\/\/kfzgutachter-raquet.de\/wordpress\/"},{"@type":"ListItem","position":2,"name":"Ihr Gutachter"}]},{"@type":"WebSite","@id":"http:\/\/kfzgutachter-raquet.de\/wordpress\/#website","url":"http:\/\/kfzgutachter-raquet.de\/wordpress\/","name":"Kfz-Sachverst\u00e4ndigenb\u00fcro Raquet (KFZ\/Motorrad) Gutachter","description":"KFZ-Gutachter Zweirad-Sachverst\u00e4ndiger","potentialAction":[{"@type":"SearchAction","target":{"@type":"EntryPoint","urlTemplate":"http:\/\/kfzgutachter-raquet.de\/wordpress\/?s={search_term_string}"},"query-input":{"@type":"PropertyValueSpecification","valueRequired":true,"valueName":"search_term_string"}}],"inLanguage":"de"}]}},"_links":{"self":[{"href":"http:\/\/kfzgutachter-raquet.de\/wordpress\/wp-json\/wp\/v2\/pages\/6","targetHints":{"allow":["GET"]}}],"collection":[{"href":"http:\/\/kfzgutachter-raquet.de\/wordpress\/wp-json\/wp\/v2\/pages"}],"about":[{"href":"http:\/\/kfzgutachter-raquet.de\/wordpress\/wp-json\/wp\/v2\/types\/page"}],"author":[{"embeddable":true,"href":"http:\/\/kfzgutachter-raquet.de\/wordpress\/wp-json\/wp\/v2\/users\/1"}],"replies":[{"embeddable":true,"href":"http:\/\/kfzgutachter-raquet.de\/wordpress\/wp-json\/wp\/v2\/comments?post=6"}],"version-history":[{"count":20,"href":"http:\/\/kfzgutachter-raquet.de\/wordpress\/wp-json\/wp\/v2\/pages\/6\/revisions"}],"predecessor-version":[{"id":104,"href":"http:\/\/kfzgutachter-raquet.de\/wordpress\/wp-json\/wp\/v2\/pages\/6\/revisions\/104"}],"wp:attachment":[{"href":"http:\/\/kfzgutachter-raquet.de\/wordpress\/wp-json\/wp\/v2\/media?parent=6"}],"curies":[{"name":"wp","href":"https:\/\/api.w.org\/{rel}","templated":true}]}}